{"id":362,"date":"2021-01-21T19:02:50","date_gmt":"2021-01-21T19:02:50","guid":{"rendered":"https:\/\/gimac.es\/buchtal\/?page_id=362"},"modified":"2022-01-27T17:26:07","modified_gmt":"2022-01-27T17:26:07","slug":"mercados-supermercados","status":"publish","type":"page","link":"https:\/\/gimac.es\/buchtal\/ceramica-tecnica\/mercados-supermercados\/","title":{"rendered":"MERCADOS Y SUPERMERCADOS"},"content":{"rendered":"\t\t<div data-elementor-type=\"wp-page\" data-elementor-id=\"362\" class=\"elementor elementor-362\">\n\t\t\t\t\t\t<section class=\"elementor-section elementor-top-section elementor-element elementor-element-1016325e elementor-section-boxed elementor-section-height-default elementor-section-height-default parallax_section_no qode_elementor_container_no\" data-id=\"1016325e\" data-element_type=\"section\" data-e-type=\"section\">\n\t\t\t\t\t\t<div class=\"elementor-container elementor-column-gap-default\">\n\t\t\t\t\t<div class=\"elementor-column elementor-col-100 elementor-top-column elementor-element elementor-element-b47c242\" data-id=\"b47c242\" data-element_type=\"column\" data-e-type=\"column\">\n\t\t\t<div class=\"elementor-widget-wrap\">\n\t\t\t\t\t\t\t<\/div>\n\t\t<\/div>\n\t\t\t\t\t<\/div>\n\t\t<\/section>\n\t\t\t\t<section class=\"elementor-section elementor-top-section elementor-element elementor-element-6e09c433 elementor-section-full_width elementor-section-height-full elementor-section-content-middle elementor-section-height-default elementor-section-items-middle parallax_section_no qode_elementor_container_no\" data-id=\"6e09c433\" data-element_type=\"section\" data-e-type=\"section\" data-settings=\"{&quot;background_background&quot;:&quot;slideshow&quot;,&quot;background_slideshow_gallery&quot;:[{&quot;id&quot;:2473,&quot;url&quot;:&quot;https:\\\/\\\/gimac.es\\\/buchtal\\\/wp-content\\\/uploads\\\/sites\\\/2\\\/2021\\\/05\\\/CERAMICA-TECNICA-MERCADOS-Y-SUPERMERCADOS-Edeka_Markt_Flensburg_7.jpg&quot;}],&quot;background_slideshow_slide_transition&quot;:&quot;slide_left&quot;,&quot;background_slideshow_loop&quot;:&quot;yes&quot;,&quot;background_slideshow_slide_duration&quot;:5000,&quot;background_slideshow_transition_duration&quot;:500}\">\n\t\t\t\t\t\t<div class=\"elementor-container elementor-column-gap-default\">\n\t\t\t\t\t<div class=\"elementor-column elementor-col-100 elementor-top-column elementor-element elementor-element-7e189efc inter_slider_page\" data-id=\"7e189efc\" data-element_type=\"column\" data-e-type=\"column\">\n\t\t\t<div class=\"elementor-widget-wrap elementor-element-populated\">\n\t\t\t\t\t\t<div class=\"elementor-element elementor-element-7aa1004f elementor-widget elementor-widget-heading\" data-id=\"7aa1004f\" data-element_type=\"widget\" data-e-type=\"widget\" data-widget_type=\"heading.default\">\n\t\t\t\t<div class=\"elementor-widget-container\">\n\t\t\t\t\t<h2 class=\"elementor-heading-title elementor-size-default\">MERCADOS Y SUPERMERCADOS<\/h2>\t\t\t\t<\/div>\n\t\t\t\t<\/div>\n\t\t\t\t<div class=\"elementor-element elementor-element-15257acc elementor-align-center elementor-widget elementor-widget-button\" data-id=\"15257acc\" data-element_type=\"widget\" data-e-type=\"widget\" data-widget_type=\"button.default\">\n\t\t\t\t<div class=\"elementor-widget-container\">\n\t\t\t\t\t\t\t\t\t<div class=\"elementor-button-wrapper\">\n\t\t\t\t\t<a class=\"elementor-button elementor-button-link elementor-size-md\" href=\"#mercados\">\n\t\t\t\t\t\t<span class=\"elementor-button-content-wrapper\">\n\t\t\t\t\t\t\t\t\t<span class=\"elementor-button-text\">M\u00c1S SOBRE MERCADOS Y SUPERMERCADOS<\/span>\n\t\t\t\t\t<\/span>\n\t\t\t\t\t<\/a>\n\t\t\t\t<\/div>\n\t\t\t\t\t\t\t\t<\/div>\n\t\t\t\t<\/div>\n\t\t\t\t\t<\/div>\n\t\t<\/div>\n\t\t\t\t\t<\/div>\n\t\t<\/section>\n\t\t\t\t<section class=\"elementor-section elementor-top-section elementor-element elementor-element-2ddfb5c elementor-section-boxed elementor-section-height-default elementor-section-height-default parallax_section_no qode_elementor_container_no\" data-id=\"2ddfb5c\" data-element_type=\"section\" data-e-type=\"section\" id=\"mercados\">\n\t\t\t\t\t\t<div class=\"elementor-container elementor-column-gap-default\">\n\t\t\t\t\t<div class=\"elementor-column elementor-col-100 elementor-top-column elementor-element elementor-element-daf6940\" data-id=\"daf6940\" data-element_type=\"column\" data-e-type=\"column\">\n\t\t\t<div class=\"elementor-widget-wrap elementor-element-populated\">\n\t\t\t\t\t\t<div class=\"elementor-element elementor-element-0f1693f elementor-widget elementor-widget-spacer\" data-id=\"0f1693f\" data-element_type=\"widget\" data-e-type=\"widget\" data-widget_type=\"spacer.default\">\n\t\t\t\t<div class=\"elementor-widget-container\">\n\t\t\t\t\t\t\t<div class=\"elementor-spacer\">\n\t\t\t<div class=\"elementor-spacer-inner\"><\/div>\n\t\t<\/div>\n\t\t\t\t\t\t<\/div>\n\t\t\t\t<\/div>\n\t\t\t\t\t<\/div>\n\t\t<\/div>\n\t\t\t\t\t<\/div>\n\t\t<\/section>\n\t\t\t\t<section class=\"elementor-section elementor-top-section elementor-element elementor-element-2a61d954 elementor-section-boxed elementor-section-height-default elementor-section-height-default parallax_section_no qode_elementor_container_no\" data-id=\"2a61d954\" data-element_type=\"section\" data-e-type=\"section\">\n\t\t\t\t\t\t<div class=\"elementor-container elementor-column-gap-default\">\n\t\t\t\t\t<div class=\"elementor-column elementor-col-100 elementor-top-column elementor-element elementor-element-14da5732\" data-id=\"14da5732\" data-element_type=\"column\" data-e-type=\"column\">\n\t\t\t<div class=\"elementor-widget-wrap elementor-element-populated\">\n\t\t\t\t\t\t<div class=\"elementor-element elementor-element-40e4070c elementor-widget elementor-widget-spacer\" data-id=\"40e4070c\" data-element_type=\"widget\" data-e-type=\"widget\" data-widget_type=\"spacer.default\">\n\t\t\t\t<div class=\"elementor-widget-container\">\n\t\t\t\t\t\t\t<div class=\"elementor-spacer\">\n\t\t\t<div class=\"elementor-spacer-inner\"><\/div>\n\t\t<\/div>\n\t\t\t\t\t\t<\/div>\n\t\t\t\t<\/div>\n\t\t\t\t<div class=\"elementor-element elementor-element-4cf699fc elementor-widget elementor-widget-heading\" data-id=\"4cf699fc\" data-element_type=\"widget\" data-e-type=\"widget\" data-widget_type=\"heading.default\">\n\t\t\t\t<div class=\"elementor-widget-container\">\n\t\t\t\t\t<h2 class=\"elementor-heading-title elementor-size-default\">CER\u00c1MICA PARA ESTABLECIMIENTOS DE ALIMENTACI\u00d3N<\/h2>\t\t\t\t<\/div>\n\t\t\t\t<\/div>\n\t\t\t\t<div class=\"elementor-element elementor-element-4ac82eef elementor-widget elementor-widget-text-editor\" data-id=\"4ac82eef\" data-element_type=\"widget\" data-e-type=\"widget\" data-widget_type=\"text-editor.default\">\n\t\t\t\t<div class=\"elementor-widget-container\">\n\t\t\t\t\t\t\t\t\t<h5 style=\"text-align: justify;\"><span style=\"color: #000000;\">AGROB-BUCHTAL se ha caracterizado durante toda su existencia por la b\u00fasqueda y desarrollo de productos de alta resistencia capaces de soportar alto tr\u00e1nsito sin perder sus propiedades antideslizantes siendo resistentes y duraderos. Destacan por su propiedad Hytect capaz de eliminar bacterias, facilitando la limpieza y purificando el aire. Todo ello hace de nuestro producto una soluci\u00f3n perfecta para su aplicaci\u00f3n en mercados, supermercados y establecimientos de alimentaci\u00f3n en general.<\/span><\/h5>\t\t\t\t\t\t\t\t<\/div>\n\t\t\t\t<\/div>\n\t\t\t\t<div class=\"elementor-element elementor-element-5a2523af elementor-widget elementor-widget-spacer\" data-id=\"5a2523af\" data-element_type=\"widget\" data-e-type=\"widget\" data-widget_type=\"spacer.default\">\n\t\t\t\t<div class=\"elementor-widget-container\">\n\t\t\t\t\t\t\t<div class=\"elementor-spacer\">\n\t\t\t<div class=\"elementor-spacer-inner\"><\/div>\n\t\t<\/div>\n\t\t\t\t\t\t<\/div>\n\t\t\t\t<\/div>\n\t\t\t\t\t<\/div>\n\t\t<\/div>\n\t\t\t\t\t<\/div>\n\t\t<\/section>\n\t\t\t\t<section class=\"elementor-section elementor-top-section elementor-element elementor-element-21aeabba elementor-section-boxed elementor-section-height-default elementor-section-height-default parallax_section_no qode_elementor_container_no\" data-id=\"21aeabba\" data-element_type=\"section\" data-e-type=\"section\">\n\t\t\t\t\t\t<div class=\"elementor-container elementor-column-gap-default\">\n\t\t\t\t\t<div class=\"elementor-column elementor-col-100 elementor-top-column elementor-element elementor-element-3c3ed784\" data-id=\"3c3ed784\" data-element_type=\"column\" data-e-type=\"column\">\n\t\t\t<div class=\"elementor-widget-wrap elementor-element-populated\">\n\t\t\t\t\t\t<div class=\"elementor-element elementor-element-84f8e7f elementor-widget elementor-widget-spacer\" data-id=\"84f8e7f\" data-element_type=\"widget\" data-e-type=\"widget\" data-widget_type=\"spacer.default\">\n\t\t\t\t<div class=\"elementor-widget-container\">\n\t\t\t\t\t\t\t<div class=\"elementor-spacer\">\n\t\t\t<div class=\"elementor-spacer-inner\"><\/div>\n\t\t<\/div>\n\t\t\t\t\t\t<\/div>\n\t\t\t\t<\/div>\n\t\t\t\t\t<\/div>\n\t\t<\/div>\n\t\t\t\t\t<\/div>\n\t\t<\/section>\n\t\t\t\t<section class=\"elementor-section elementor-top-section elementor-element elementor-element-4001f5c0 elementor-section-boxed elementor-section-height-default elementor-section-height-default parallax_section_no qode_elementor_container_no\" data-id=\"4001f5c0\" data-element_type=\"section\" data-e-type=\"section\">\n\t\t\t\t\t\t<div class=\"elementor-container elementor-column-gap-default\">\n\t\t\t\t\t<div class=\"elementor-column elementor-col-100 elementor-top-column elementor-element elementor-element-44870659\" data-id=\"44870659\" data-element_type=\"column\" data-e-type=\"column\">\n\t\t\t<div class=\"elementor-widget-wrap elementor-element-populated\">\n\t\t\t\t\t\t<div class=\"elementor-element elementor-element-2e331d93 elementor-arrows-position-outside elementor-widget elementor-widget-image-carousel\" data-id=\"2e331d93\" data-element_type=\"widget\" data-e-type=\"widget\" data-settings=\"{&quot;slides_to_show&quot;:&quot;1&quot;,&quot;navigation&quot;:&quot;arrows&quot;,&quot;autoplay&quot;:&quot;no&quot;,&quot;infinite&quot;:&quot;yes&quot;,&quot;effect&quot;:&quot;slide&quot;,&quot;speed&quot;:500}\" data-widget_type=\"image-carousel.default\">\n\t\t\t\t<div class=\"elementor-widget-container\">\n\t\t\t\t\t\t\t<div class=\"elementor-image-carousel-wrapper swiper\" role=\"region\" aria-roledescription=\"carousel\" aria-label=\"Carrusel de im\u00e1genes\" dir=\"ltr\">\n\t\t\t<div class=\"elementor-image-carousel swiper-wrapper\" aria-live=\"polite\">\n\t\t\t\t\t\t\t\t<div class=\"swiper-slide\" role=\"group\" aria-roledescription=\"slide\" aria-label=\"1 de 6\"><a data-elementor-open-lightbox=\"yes\" data-elementor-lightbox-slideshow=\"2e331d93\" data-elementor-lightbox-title=\"CER\u00c1MICA T\u00c9CNICA MERCADOS Y SUPERMERCADOS Backfactory_Schmiedestrasse_Hannover_2\" data-e-action-hash=\"#elementor-action%3Aaction%3Dlightbox%26settings%3DeyJpZCI6MjQ3OCwidXJsIjoiaHR0cHM6XC9cL2dpbWFjLmVzXC9idWNodGFsXC93cC1jb250ZW50XC91cGxvYWRzXC9zaXRlc1wvMlwvMjAyMVwvMDVcL0NFUkFNSUNBLVRFQ05JQ0EtTUVSQ0FET1MtWS1TVVBFUk1FUkNBRE9TLUJhY2tmYWN0b3J5X1NjaG1pZWRlc3RyYXNzZV9IYW5ub3Zlcl8yLmpwZyIsInNsaWRlc2hvdyI6IjJlMzMxZDkzIn0%3D\" href=\"https:\/\/gimac.es\/buchtal\/wp-content\/uploads\/sites\/2\/2021\/05\/CERAMICA-TECNICA-MERCADOS-Y-SUPERMERCADOS-Backfactory_Schmiedestrasse_Hannover_2.jpg\"><figure class=\"swiper-slide-inner\"><img decoding=\"async\" class=\"swiper-slide-image\" src=\"https:\/\/gimac.es\/buchtal\/wp-content\/uploads\/sites\/2\/elementor\/thumbs\/CERAMICA-TECNICA-MERCADOS-Y-SUPERMERCADOS-Backfactory_Schmiedestrasse_Hannover_2-qnx9ycvmd6lms799znr9o1paorrzrltw5zsxhqqosw.jpg\" alt=\"CER\u00c1MICA T\u00c9CNICA MERCADOS Y SUPERMERCADOS Backfactory_Schmiedestrasse_Hannover_2\" \/><\/figure><\/a><\/div><div class=\"swiper-slide\" role=\"group\" aria-roledescription=\"slide\" aria-label=\"2 de 6\"><a data-elementor-open-lightbox=\"yes\" data-elementor-lightbox-slideshow=\"2e331d93\" data-elementor-lightbox-title=\"BK1937_02\" data-e-action-hash=\"#elementor-action%3Aaction%3Dlightbox%26settings%3DeyJpZCI6MjQ3OSwidXJsIjoiaHR0cHM6XC9cL2dpbWFjLmVzXC9idWNodGFsXC93cC1jb250ZW50XC91cGxvYWRzXC9zaXRlc1wvMlwvMjAyMVwvMDVcL0NFUkFNSUNBLVRFQ05JQ0EtTUVSQ0FET1MtWS1TVVBFUk1FUkNBRE9TLVJlYWxtYXJrdC1GaWxkZXJzdGFkdC0zLmpwZyIsInNsaWRlc2hvdyI6IjJlMzMxZDkzIn0%3D\" href=\"https:\/\/gimac.es\/buchtal\/wp-content\/uploads\/sites\/2\/2021\/05\/CERAMICA-TECNICA-MERCADOS-Y-SUPERMERCADOS-Realmarkt-Filderstadt-3.jpg\"><figure class=\"swiper-slide-inner\"><img decoding=\"async\" class=\"swiper-slide-image\" src=\"https:\/\/gimac.es\/buchtal\/wp-content\/uploads\/sites\/2\/elementor\/thumbs\/CERAMICA-TECNICA-MERCADOS-Y-SUPERMERCADOS-Realmarkt-Filderstadt-3-qnx9yn7ugczsbwu9ba85xh3d80d149yxvez9rsbcwg.jpg\" alt=\"BK1937_02\" \/><\/figure><\/a><\/div><div class=\"swiper-slide\" role=\"group\" aria-roledescription=\"slide\" aria-label=\"3 de 6\"><a data-elementor-open-lightbox=\"yes\" data-elementor-lightbox-slideshow=\"2e331d93\" data-elementor-lightbox-title=\"CER\u00c1MICA T\u00c9CNICA MERCADOS Y SUPERMERCADOS Edeka Ostbevern 8\" data-e-action-hash=\"#elementor-action%3Aaction%3Dlightbox%26settings%3DeyJpZCI6MjQ4MCwidXJsIjoiaHR0cHM6XC9cL2dpbWFjLmVzXC9idWNodGFsXC93cC1jb250ZW50XC91cGxvYWRzXC9zaXRlc1wvMlwvMjAyMVwvMDVcL0NFUkFNSUNBLVRFQ05JQ0EtTUVSQ0FET1MtWS1TVVBFUk1FUkNBRE9TLUVkZWthLU9zdGJldmVybi04LmpwZyIsInNsaWRlc2hvdyI6IjJlMzMxZDkzIn0%3D\" href=\"https:\/\/gimac.es\/buchtal\/wp-content\/uploads\/sites\/2\/2021\/05\/CERAMICA-TECNICA-MERCADOS-Y-SUPERMERCADOS-Edeka-Ostbevern-8.jpg\"><figure class=\"swiper-slide-inner\"><img decoding=\"async\" class=\"swiper-slide-image\" src=\"https:\/\/gimac.es\/buchtal\/wp-content\/uploads\/sites\/2\/elementor\/thumbs\/CERAMICA-TECNICA-MERCADOS-Y-SUPERMERCADOS-Edeka-Ostbevern-8-qnx9ygmz4iqs2n3tdpdry0r52b9gme8tiieveul440.jpg\" alt=\"CER\u00c1MICA T\u00c9CNICA MERCADOS Y SUPERMERCADOS Edeka Ostbevern 8\" \/><\/figure><\/a><\/div><div class=\"swiper-slide\" role=\"group\" aria-roledescription=\"slide\" aria-label=\"4 de 6\"><a data-elementor-open-lightbox=\"yes\" data-elementor-lightbox-slideshow=\"2e331d93\" data-elementor-lightbox-title=\"Edeka Markt L\u00fcttinger Str. 31, Xanten\" data-e-action-hash=\"#elementor-action%3Aaction%3Dlightbox%26settings%3DeyJpZCI6MjQ4NSwidXJsIjoiaHR0cHM6XC9cL2dpbWFjLmVzXC9idWNodGFsXC93cC1jb250ZW50XC91cGxvYWRzXC9zaXRlc1wvMlwvMjAyMVwvMDVcL0NFUkFNSUNBLVRFQ05JQ0EtTUVSQ0FET1MtWS1TVVBFUk1FUkNBRE9TLUVkZWthLU1hcmt0LVhhbnRlbi00LmpwZyIsInNsaWRlc2hvdyI6IjJlMzMxZDkzIn0%3D\" href=\"https:\/\/gimac.es\/buchtal\/wp-content\/uploads\/sites\/2\/2021\/05\/CERAMICA-TECNICA-MERCADOS-Y-SUPERMERCADOS-Edeka-Markt-Xanten-4.jpg\"><figure class=\"swiper-slide-inner\"><img decoding=\"async\" class=\"swiper-slide-image\" src=\"https:\/\/gimac.es\/buchtal\/wp-content\/uploads\/sites\/2\/elementor\/thumbs\/CERAMICA-TECNICA-MERCADOS-Y-SUPERMERCADOS-Edeka-Markt-Xanten-4-qnx9yeraquo7ff6jookit187vjiq701cu93wganwgg.jpg\" alt=\"Supermarkt\" \/><\/figure><\/a><\/div><div class=\"swiper-slide\" role=\"group\" aria-roledescription=\"slide\" aria-label=\"5 de 6\"><a data-elementor-open-lightbox=\"yes\" data-elementor-lightbox-slideshow=\"2e331d93\" data-elementor-lightbox-title=\"CER\u00c1MICA T\u00c9CNICA MERCADOS Y SUPERMERCADOS Edeka_Markt_Flensburg_2\" data-e-action-hash=\"#elementor-action%3Aaction%3Dlightbox%26settings%3DeyJpZCI6MjQ4MSwidXJsIjoiaHR0cHM6XC9cL2dpbWFjLmVzXC9idWNodGFsXC93cC1jb250ZW50XC91cGxvYWRzXC9zaXRlc1wvMlwvMjAyMVwvMDVcL0NFUkFNSUNBLVRFQ05JQ0EtTUVSQ0FET1MtWS1TVVBFUk1FUkNBRE9TLUVkZWthX01hcmt0X0ZsZW5zYnVyZ18yLmpwZyIsInNsaWRlc2hvdyI6IjJlMzMxZDkzIn0%3D\" href=\"https:\/\/gimac.es\/buchtal\/wp-content\/uploads\/sites\/2\/2021\/05\/CERAMICA-TECNICA-MERCADOS-Y-SUPERMERCADOS-Edeka_Markt_Flensburg_2.jpg\"><figure class=\"swiper-slide-inner\"><img decoding=\"async\" class=\"swiper-slide-image\" src=\"https:\/\/gimac.es\/buchtal\/wp-content\/uploads\/sites\/2\/elementor\/thumbs\/CERAMICA-TECNICA-MERCADOS-Y-SUPERMERCADOS-Edeka_Markt_Flensburg_2-qnx9yhktbcs2e92g87seiiilnp4tu3cjun2cw4jpxs.jpg\" alt=\"CER\u00c1MICA T\u00c9CNICA MERCADOS Y SUPERMERCADOS Edeka_Markt_Flensburg_2\" \/><\/figure><\/a><\/div><div class=\"swiper-slide\" role=\"group\" aria-roledescription=\"slide\" aria-label=\"6 de 6\"><a data-elementor-open-lightbox=\"yes\" data-elementor-lightbox-slideshow=\"2e331d93\" data-elementor-lightbox-title=\"CER\u00c1MICA T\u00c9CNICA MERCADOS Y SUPERMERCADOS Marktkauf Marsberg 1\" data-e-action-hash=\"#elementor-action%3Aaction%3Dlightbox%26settings%3DeyJpZCI6MjQ4NiwidXJsIjoiaHR0cHM6XC9cL2dpbWFjLmVzXC9idWNodGFsXC93cC1jb250ZW50XC91cGxvYWRzXC9zaXRlc1wvMlwvMjAyMVwvMDVcL0NFUkFNSUNBLVRFQ05JQ0EtTUVSQ0FET1MtWS1TVVBFUk1FUkNBRE9TLU1hcmt0a2F1Zi1NYXJzYmVyZy0xLmpwZyIsInNsaWRlc2hvdyI6IjJlMzMxZDkzIn0%3D\" href=\"https:\/\/gimac.es\/buchtal\/wp-content\/uploads\/sites\/2\/2021\/05\/CERAMICA-TECNICA-MERCADOS-Y-SUPERMERCADOS-Marktkauf-Marsberg-1.jpg\"><figure class=\"swiper-slide-inner\"><img decoding=\"async\" class=\"swiper-slide-image\" src=\"https:\/\/gimac.es\/buchtal\/wp-content\/uploads\/sites\/2\/elementor\/thumbs\/CERAMICA-TECNICA-MERCADOS-Y-SUPERMERCADOS-Marktkauf-Marsberg-1-qnx9ylc62ox7oowzm9ewshkg18maovrh75oat8e58w.jpg\" alt=\"CER\u00c1MICA T\u00c9CNICA MERCADOS Y SUPERMERCADOS Marktkauf Marsberg 1\" \/><\/figure><\/a><\/div>\t\t\t<\/div>\n\t\t\t\t\t\t\t\t\t\t\t\t<div class=\"elementor-swiper-button elementor-swiper-button-prev\" role=\"button\" tabindex=\"0\">\n\t\t\t\t\t\t<i aria-hidden=\"true\" class=\"eicon-chevron-left\"><\/i>\t\t\t\t\t<\/div>\n\t\t\t\t\t<div class=\"elementor-swiper-button elementor-swiper-button-next\" role=\"button\" tabindex=\"0\">\n\t\t\t\t\t\t<i aria-hidden=\"true\" class=\"eicon-chevron-right\"><\/i>\t\t\t\t\t<\/div>\n\t\t\t\t\n\t\t\t\t\t\t\t\t\t<\/div>\n\t\t\t\t\t\t<\/div>\n\t\t\t\t<\/div>\n\t\t\t\t<div class=\"elementor-element elementor-element-6263cd9e elementor-widget elementor-widget-spacer\" data-id=\"6263cd9e\" data-element_type=\"widget\" data-e-type=\"widget\" data-widget_type=\"spacer.default\">\n\t\t\t\t<div class=\"elementor-widget-container\">\n\t\t\t\t\t\t\t<div class=\"elementor-spacer\">\n\t\t\t<div class=\"elementor-spacer-inner\"><\/div>\n\t\t<\/div>\n\t\t\t\t\t\t<\/div>\n\t\t\t\t<\/div>\n\t\t\t\t<div class=\"elementor-element elementor-element-263f0d3f elementor-widget elementor-widget-spacer\" data-id=\"263f0d3f\" data-element_type=\"widget\" data-e-type=\"widget\" data-widget_type=\"spacer.default\">\n\t\t\t\t<div class=\"elementor-widget-container\">\n\t\t\t\t\t\t\t<div class=\"elementor-spacer\">\n\t\t\t<div class=\"elementor-spacer-inner\"><\/div>\n\t\t<\/div>\n\t\t\t\t\t\t<\/div>\n\t\t\t\t<\/div>\n\t\t\t\t\t<\/div>\n\t\t<\/div>\n\t\t\t\t\t<\/div>\n\t\t<\/section>\n\t\t\t\t<section class=\"elementor-section elementor-top-section elementor-element elementor-element-2d3f2ca7 elementor-section-boxed elementor-section-height-default elementor-section-height-default parallax_section_no qode_elementor_container_no\" data-id=\"2d3f2ca7\" data-element_type=\"section\" data-e-type=\"section\">\n\t\t\t\t\t\t<div class=\"elementor-container elementor-column-gap-default\">\n\t\t\t\t\t<div class=\"elementor-column elementor-col-100 elementor-top-column elementor-element elementor-element-59e62f51\" data-id=\"59e62f51\" data-element_type=\"column\" data-e-type=\"column\">\n\t\t\t<div class=\"elementor-widget-wrap elementor-element-populated\">\n\t\t\t\t\t\t<div class=\"elementor-element elementor-element-3d75f7c0 elementor-align-center elementor-widget elementor-widget-button\" data-id=\"3d75f7c0\" data-element_type=\"widget\" data-e-type=\"widget\" data-widget_type=\"button.default\">\n\t\t\t\t<div class=\"elementor-widget-container\">\n\t\t\t\t\t\t\t\t\t<div class=\"elementor-button-wrapper\">\n\t\t\t\t\t<a class=\"elementor-button elementor-button-link elementor-size-sm\" href=\"https:\/\/gimac.es\/buchtal\/descargas\/#ceramica-tecnica\">\n\t\t\t\t\t\t<span class=\"elementor-button-content-wrapper\">\n\t\t\t\t\t\t\t\t\t<span class=\"elementor-button-text\">DESCARGAS<\/span>\n\t\t\t\t\t<\/span>\n\t\t\t\t\t<\/a>\n\t\t\t\t<\/div>\n\t\t\t\t\t\t\t\t<\/div>\n\t\t\t\t<\/div>\n\t\t\t\t\t<\/div>\n\t\t<\/div>\n\t\t\t\t\t<\/div>\n\t\t<\/section>\n\t\t\t\t<section class=\"elementor-section elementor-top-section elementor-element elementor-element-179d307e elementor-section-full_width elementor-section-height-default elementor-section-height-default parallax_section_no qode_elementor_container_no\" data-id=\"179d307e\" data-element_type=\"section\" data-e-type=\"section\" id=\"contacto\" data-settings=\"{&quot;background_background&quot;:&quot;classic&quot;}\">\n\t\t\t\t\t\t<div class=\"elementor-container elementor-column-gap-default\">\n\t\t\t\t\t<div class=\"elementor-column elementor-col-100 elementor-top-column elementor-element elementor-element-3db35bb8\" data-id=\"3db35bb8\" data-element_type=\"column\" data-e-type=\"column\">\n\t\t\t<div class=\"elementor-widget-wrap elementor-element-populated\">\n\t\t\t\t\t\t<div class=\"elementor-element elementor-element-3a8ff82a elementor-widget elementor-widget-heading\" data-id=\"3a8ff82a\" data-element_type=\"widget\" data-e-type=\"widget\" data-widget_type=\"heading.default\">\n\t\t\t\t<div class=\"elementor-widget-container\">\n\t\t\t\t\t<h2 class=\"elementor-heading-title elementor-size-default\">contacto<\/h2>\t\t\t\t<\/div>\n\t\t\t\t<\/div>\n\t\t\t\t<div class=\"elementor-element elementor-element-64db82d5 elementor-widget elementor-widget-heading\" data-id=\"64db82d5\" data-element_type=\"widget\" data-e-type=\"widget\" data-widget_type=\"heading.default\">\n\t\t\t\t<div class=\"elementor-widget-container\">\n\t\t\t\t\t<p class=\"elementor-heading-title elementor-size-default\"><a href=\"mailto:joaquin.prat@buchtal.es\">Atenci\u00f3n al cliente: joaquin.prat@buchtal.es<\/a><\/p>\t\t\t\t<\/div>\n\t\t\t\t<\/div>\n\t\t\t\t<div class=\"elementor-element elementor-element-12e2584c elementor-widget elementor-widget-heading\" data-id=\"12e2584c\" data-element_type=\"widget\" data-e-type=\"widget\" data-widget_type=\"heading.default\">\n\t\t\t\t<div class=\"elementor-widget-container\">\n\t\t\t\t\t<p class=\"elementor-heading-title elementor-size-default\"><a href=\"tel:0034607923470\">+34 607 923 470<\/a><\/p>\t\t\t\t<\/div>\n\t\t\t\t<\/div>\n\t\t\t\t<div class=\"elementor-element elementor-element-66d36c68 elementor-widget elementor-widget-heading\" data-id=\"66d36c68\" data-element_type=\"widget\" data-e-type=\"widget\" data-widget_type=\"heading.default\">\n\t\t\t\t<div class=\"elementor-widget-container\">\n\t\t\t\t\t<p class=\"elementor-heading-title elementor-size-default\"><a href=\"mailto:administracion@gimac.es\">Administraci\u00f3n: administracion@gimac.es<\/a><\/p>\t\t\t\t<\/div>\n\t\t\t\t<\/div>\n\t\t\t\t<div class=\"elementor-element elementor-element-4d63e471 elementor-widget elementor-widget-heading\" data-id=\"4d63e471\" data-element_type=\"widget\" data-e-type=\"widget\" data-widget_type=\"heading.default\">\n\t\t\t\t<div class=\"elementor-widget-container\">\n\t\t\t\t\t<p class=\"elementor-heading-title elementor-size-default\"><a href=\"tel:0034647739876\u00a0\">+34 647 739 876\u00a0<\/a><\/p>\t\t\t\t<\/div>\n\t\t\t\t<\/div>\n\t\t\t\t\t<\/div>\n\t\t<\/div>\n\t\t\t\t\t<\/div>\n\t\t<\/section>\n\t\t\t\t<section class=\"elementor-section elementor-top-section elementor-element elementor-element-cec7e22 elementor-section-boxed elementor-section-height-default elementor-section-height-default parallax_section_no qode_elementor_container_no\" data-id=\"cec7e22\" data-element_type=\"section\" data-e-type=\"section\">\n\t\t\t\t\t\t<div class=\"elementor-container elementor-column-gap-default\">\n\t\t\t\t\t<div class=\"elementor-column elementor-col-100 elementor-top-column elementor-element elementor-element-687ea600\" data-id=\"687ea600\" data-element_type=\"column\" data-e-type=\"column\">\n\t\t\t<div class=\"elementor-widget-wrap elementor-element-populated\">\n\t\t\t\t\t\t<div class=\"elementor-element elementor-element-1b1ce893 elementor-widget elementor-widget-text-editor\" data-id=\"1b1ce893\" data-element_type=\"widget\" data-e-type=\"widget\" data-widget_type=\"text-editor.default\">\n\t\t\t\t<div class=\"elementor-widget-container\">\n\t\t\t\t\t\t\t\t\t<p style=\"text-align: center;\"><span style=\"color: #000000;\"><b>Exposici\u00f3n con cita previa<\/b><\/span><br \/><a href=\"https:\/\/www.google.com\/maps\/place\/EDIFICIO+FORUM,+Sant+Cugat+del+Vall%C3%A8s,+Barcelona\/@41.4792509,2.0651736,17z\/data=!3m1!4b1!4m5!3m4!1s0x12a496cb396b60db:0x78aada90aed31b59!8m2!3d41.4792509!4d2.0673623\"><span style=\"color: #000000;\">Ctra. Sant Cugat a Rub\u00ed, Km. 1, n\u00ba 40-50<\/span><\/a><br \/><span style=\"color: #000000;\">Edifici Forum &#8211; Of. 5\u00ba 7\u00aa<\/span><br \/><span style=\"color: #000000;\">08174 Sant Cugat del Vall\u00e8s. BARCELONA<\/span><\/p>\t\t\t\t\t\t\t\t<\/div>\n\t\t\t\t<\/div>\n\t\t\t\t\t<\/div>\n\t\t<\/div>\n\t\t\t\t\t<\/div>\n\t\t<\/section>\n\t\t\t\t<section class=\"elementor-section elementor-top-section elementor-element elementor-element-61f1b55a elementor-section-boxed elementor-section-height-default elementor-section-height-default parallax_section_no qode_elementor_container_no\" data-id=\"61f1b55a\" data-element_type=\"section\" data-e-type=\"section\">\n\t\t\t\t\t\t<div class=\"elementor-container elementor-column-gap-default\">\n\t\t\t\t\t<div class=\"elementor-column elementor-col-100 elementor-top-column elementor-element elementor-element-4c509144\" data-id=\"4c509144\" data-element_type=\"column\" data-e-type=\"column\">\n\t\t\t<div class=\"elementor-widget-wrap elementor-element-populated\">\n\t\t\t\t\t\t<div class=\"elementor-element elementor-element-75b259d5 elementor-widget elementor-widget-spacer\" data-id=\"75b259d5\" data-element_type=\"widget\" data-e-type=\"widget\" data-widget_type=\"spacer.default\">\n\t\t\t\t<div class=\"elementor-widget-container\">\n\t\t\t\t\t\t\t<div class=\"elementor-spacer\">\n\t\t\t<div class=\"elementor-spacer-inner\"><\/div>\n\t\t<\/div>\n\t\t\t\t\t\t<\/div>\n\t\t\t\t<\/div>\n\t\t\t\t\t<\/div>\n\t\t<\/div>\n\t\t\t\t\t<\/div>\n\t\t<\/section>\n\t\t\t\t<\/div>\n\t\t","protected":false},"excerpt":{"rendered":"<p>M\u00c1S SOBRE MERCADOS Y SUPERMERCADOS Anterior Siguiente DESCARGAS Atenci\u00f3n al cliente: joaquin.prat@buchtal.es +34 607 923 470 Administraci\u00f3n: administracion@gimac.es +34 647 739 876\u00a0 Exposici\u00f3n con cita previaCtra. Sant Cugat a Rub\u00ed, Km. 1, n\u00ba 40-50Edifici Forum &#8211; Of. 5\u00ba 7\u00aa08174 Sant Cugat del Vall\u00e8s. BARCELONA<\/p>\n","protected":false},"author":1,"featured_media":0,"parent":282,"menu_order":0,"comment_status":"closed","ping_status":"closed","template":"full_width.php","meta":{"_acf_changed":false,"_monsterinsights_skip_tracking":false,"_monsterinsights_sitenote_active":false,"_monsterinsights_sitenote_note":"","_monsterinsights_sitenote_category":0,"footnotes":""},"class_list":["post-362","page","type-page","status-publish","hentry"],"acf":[],"yoast_head":"<!-- This site is optimized with the Yoast SEO plugin v27.5 - https:\/\/yoast.com\/product\/yoast-seo-wordpress\/ -->\n<title>MERCADOS Y SUPERMERCADOS - BUCHTAL<\/title>\n<meta name=\"robots\" content=\"index, follow, max-snippet:-1, max-image-preview:large, max-video-preview:-1\" \/>\n<link rel=\"canonical\" href=\"https:\/\/gimac.es\/buchtal\/ceramica-tecnica\/mercados-supermercados\/\" \/>\n<meta property=\"og:locale\" content=\"es_ES\" \/>\n<meta property=\"og:type\" content=\"article\" \/>\n<meta property=\"og:title\" content=\"MERCADOS Y SUPERMERCADOS - BUCHTAL\" \/>\n<meta property=\"og:description\" content=\"M\u00c1S SOBRE MERCADOS Y SUPERMERCADOS Anterior Siguiente DESCARGAS Atenci\u00f3n al cliente: joaquin.prat@buchtal.es +34 607 923 470 Administraci\u00f3n: administracion@gimac.es +34 647 739 876\u00a0 Exposici\u00f3n con cita previaCtra. Sant Cugat a Rub\u00ed, Km. 1, n\u00ba 40-50Edifici Forum &#8211; Of. 5\u00ba 7\u00aa08174 Sant Cugat del Vall\u00e8s. BARCELONA\" \/>\n<meta property=\"og:url\" content=\"https:\/\/gimac.es\/buchtal\/ceramica-tecnica\/mercados-supermercados\/\" \/>\n<meta property=\"og:site_name\" content=\"BUCHTAL\" \/>\n<meta property=\"article:modified_time\" content=\"2022-01-27T17:26:07+00:00\" \/>\n<meta property=\"og:image\" content=\"https:\/\/gimac.es\/buchtal\/wp-content\/uploads\/sites\/2\/elementor\/thumbs\/CERAMICA-TECNICA-MERCADOS-Y-SUPERMERCADOS-Backfactory_Schmiedestrasse_Hannover_2-p7qsripk3k9s6y9r16oabv8u8c3ub3fq7wpl80ap74.jpg\" \/>\n<meta name=\"twitter:card\" content=\"summary_large_image\" \/>\n<meta name=\"twitter:label1\" content=\"Tiempo de lectura\" \/>\n\t<meta name=\"twitter:data1\" content=\"3 minutos\" \/>\n<script type=\"application\/ld+json\" class=\"yoast-schema-graph\">{\"@context\":\"https:\\\/\\\/schema.org\",\"@graph\":[{\"@type\":\"WebPage\",\"@id\":\"https:\\\/\\\/gimac.es\\\/buchtal\\\/ceramica-tecnica\\\/mercados-supermercados\\\/\",\"url\":\"https:\\\/\\\/gimac.es\\\/buchtal\\\/ceramica-tecnica\\\/mercados-supermercados\\\/\",\"name\":\"MERCADOS Y SUPERMERCADOS - BUCHTAL\",\"isPartOf\":{\"@id\":\"https:\\\/\\\/gimac.es\\\/buchtal\\\/#website\"},\"primaryImageOfPage\":{\"@id\":\"https:\\\/\\\/gimac.es\\\/buchtal\\\/ceramica-tecnica\\\/mercados-supermercados\\\/#primaryimage\"},\"image\":{\"@id\":\"https:\\\/\\\/gimac.es\\\/buchtal\\\/ceramica-tecnica\\\/mercados-supermercados\\\/#primaryimage\"},\"thumbnailUrl\":\"https:\\\/\\\/gimac.es\\\/buchtal\\\/wp-content\\\/uploads\\\/sites\\\/2\\\/elementor\\\/thumbs\\\/CERAMICA-TECNICA-MERCADOS-Y-SUPERMERCADOS-Backfactory_Schmiedestrasse_Hannover_2-p7qsripk3k9s6y9r16oabv8u8c3ub3fq7wpl80ap74.jpg\",\"datePublished\":\"2021-01-21T19:02:50+00:00\",\"dateModified\":\"2022-01-27T17:26:07+00:00\",\"breadcrumb\":{\"@id\":\"https:\\\/\\\/gimac.es\\\/buchtal\\\/ceramica-tecnica\\\/mercados-supermercados\\\/#breadcrumb\"},\"inLanguage\":\"es\",\"potentialAction\":[{\"@type\":\"ReadAction\",\"target\":[\"https:\\\/\\\/gimac.es\\\/buchtal\\\/ceramica-tecnica\\\/mercados-supermercados\\\/\"]}]},{\"@type\":\"ImageObject\",\"inLanguage\":\"es\",\"@id\":\"https:\\\/\\\/gimac.es\\\/buchtal\\\/ceramica-tecnica\\\/mercados-supermercados\\\/#primaryimage\",\"url\":\"https:\\\/\\\/gimac.es\\\/buchtal\\\/wp-content\\\/uploads\\\/sites\\\/2\\\/elementor\\\/thumbs\\\/CERAMICA-TECNICA-MERCADOS-Y-SUPERMERCADOS-Backfactory_Schmiedestrasse_Hannover_2-p7qsripk3k9s6y9r16oabv8u8c3ub3fq7wpl80ap74.jpg\",\"contentUrl\":\"https:\\\/\\\/gimac.es\\\/buchtal\\\/wp-content\\\/uploads\\\/sites\\\/2\\\/elementor\\\/thumbs\\\/CERAMICA-TECNICA-MERCADOS-Y-SUPERMERCADOS-Backfactory_Schmiedestrasse_Hannover_2-p7qsripk3k9s6y9r16oabv8u8c3ub3fq7wpl80ap74.jpg\"},{\"@type\":\"BreadcrumbList\",\"@id\":\"https:\\\/\\\/gimac.es\\\/buchtal\\\/ceramica-tecnica\\\/mercados-supermercados\\\/#breadcrumb\",\"itemListElement\":[{\"@type\":\"ListItem\",\"position\":1,\"name\":\"Portada\",\"item\":\"https:\\\/\\\/gimac.es\\\/buchtal\\\/\"},{\"@type\":\"ListItem\",\"position\":2,\"name\":\"CER\u00c1MICA T\u00c9CNICA\",\"item\":\"https:\\\/\\\/gimac.es\\\/buchtal\\\/ceramica-tecnica\\\/\"},{\"@type\":\"ListItem\",\"position\":3,\"name\":\"MERCADOS Y SUPERMERCADOS\"}]},{\"@type\":\"WebSite\",\"@id\":\"https:\\\/\\\/gimac.es\\\/buchtal\\\/#website\",\"url\":\"https:\\\/\\\/gimac.es\\\/buchtal\\\/\",\"name\":\"BUCHTAL\",\"description\":\"Especialistas en cer\u00e1mica arquitect\u00f3nica\",\"publisher\":{\"@id\":\"https:\\\/\\\/gimac.es\\\/buchtal\\\/#organization\"},\"potentialAction\":[{\"@type\":\"SearchAction\",\"target\":{\"@type\":\"EntryPoint\",\"urlTemplate\":\"https:\\\/\\\/gimac.es\\\/buchtal\\\/?s={search_term_string}\"},\"query-input\":{\"@type\":\"PropertyValueSpecification\",\"valueRequired\":true,\"valueName\":\"search_term_string\"}}],\"inLanguage\":\"es\"},{\"@type\":\"Organization\",\"@id\":\"https:\\\/\\\/gimac.es\\\/buchtal\\\/#organization\",\"name\":\"BUCHTAL\",\"url\":\"https:\\\/\\\/gimac.es\\\/buchtal\\\/\",\"logo\":{\"@type\":\"ImageObject\",\"inLanguage\":\"es\",\"@id\":\"https:\\\/\\\/gimac.es\\\/buchtal\\\/#\\\/schema\\\/logo\\\/image\\\/\",\"url\":\"https:\\\/\\\/gimac.es\\\/buchtal\\\/wp-content\\\/uploads\\\/sites\\\/2\\\/2021\\\/01\\\/agrob-buchtal-logo-vector_BL@2x.png\",\"contentUrl\":\"https:\\\/\\\/gimac.es\\\/buchtal\\\/wp-content\\\/uploads\\\/sites\\\/2\\\/2021\\\/01\\\/agrob-buchtal-logo-vector_BL@2x.png\",\"width\":1116,\"height\":134,\"caption\":\"BUCHTAL\"},\"image\":{\"@id\":\"https:\\\/\\\/gimac.es\\\/buchtal\\\/#\\\/schema\\\/logo\\\/image\\\/\"}}]}<\/script>\n<!-- \/ Yoast SEO plugin. -->","yoast_head_json":{"title":"MERCADOS Y SUPERMERCADOS - BUCHTAL","robots":{"index":"index","follow":"follow","max-snippet":"max-snippet:-1","max-image-preview":"max-image-preview:large","max-video-preview":"max-video-preview:-1"},"canonical":"https:\/\/gimac.es\/buchtal\/ceramica-tecnica\/mercados-supermercados\/","og_locale":"es_ES","og_type":"article","og_title":"MERCADOS Y SUPERMERCADOS - BUCHTAL","og_description":"M\u00c1S SOBRE MERCADOS Y SUPERMERCADOS Anterior Siguiente DESCARGAS Atenci\u00f3n al cliente: joaquin.prat@buchtal.es +34 607 923 470 Administraci\u00f3n: administracion@gimac.es +34 647 739 876\u00a0 Exposici\u00f3n con cita previaCtra. Sant Cugat a Rub\u00ed, Km. 1, n\u00ba 40-50Edifici Forum &#8211; Of. 5\u00ba 7\u00aa08174 Sant Cugat del Vall\u00e8s. BARCELONA","og_url":"https:\/\/gimac.es\/buchtal\/ceramica-tecnica\/mercados-supermercados\/","og_site_name":"BUCHTAL","article_modified_time":"2022-01-27T17:26:07+00:00","og_image":[{"url":"https:\/\/gimac.es\/buchtal\/wp-content\/uploads\/sites\/2\/elementor\/thumbs\/CERAMICA-TECNICA-MERCADOS-Y-SUPERMERCADOS-Backfactory_Schmiedestrasse_Hannover_2-p7qsripk3k9s6y9r16oabv8u8c3ub3fq7wpl80ap74.jpg","type":"","width":"","height":""}],"twitter_card":"summary_large_image","twitter_misc":{"Tiempo de lectura":"3 minutos"},"schema":{"@context":"https:\/\/schema.org","@graph":[{"@type":"WebPage","@id":"https:\/\/gimac.es\/buchtal\/ceramica-tecnica\/mercados-supermercados\/","url":"https:\/\/gimac.es\/buchtal\/ceramica-tecnica\/mercados-supermercados\/","name":"MERCADOS Y SUPERMERCADOS - BUCHTAL","isPartOf":{"@id":"https:\/\/gimac.es\/buchtal\/#website"},"primaryImageOfPage":{"@id":"https:\/\/gimac.es\/buchtal\/ceramica-tecnica\/mercados-supermercados\/#primaryimage"},"image":{"@id":"https:\/\/gimac.es\/buchtal\/ceramica-tecnica\/mercados-supermercados\/#primaryimage"},"thumbnailUrl":"https:\/\/gimac.es\/buchtal\/wp-content\/uploads\/sites\/2\/elementor\/thumbs\/CERAMICA-TECNICA-MERCADOS-Y-SUPERMERCADOS-Backfactory_Schmiedestrasse_Hannover_2-p7qsripk3k9s6y9r16oabv8u8c3ub3fq7wpl80ap74.jpg","datePublished":"2021-01-21T19:02:50+00:00","dateModified":"2022-01-27T17:26:07+00:00","breadcrumb":{"@id":"https:\/\/gimac.es\/buchtal\/ceramica-tecnica\/mercados-supermercados\/#breadcrumb"},"inLanguage":"es","potentialAction":[{"@type":"ReadAction","target":["https:\/\/gimac.es\/buchtal\/ceramica-tecnica\/mercados-supermercados\/"]}]},{"@type":"ImageObject","inLanguage":"es","@id":"https:\/\/gimac.es\/buchtal\/ceramica-tecnica\/mercados-supermercados\/#primaryimage","url":"https:\/\/gimac.es\/buchtal\/wp-content\/uploads\/sites\/2\/elementor\/thumbs\/CERAMICA-TECNICA-MERCADOS-Y-SUPERMERCADOS-Backfactory_Schmiedestrasse_Hannover_2-p7qsripk3k9s6y9r16oabv8u8c3ub3fq7wpl80ap74.jpg","contentUrl":"https:\/\/gimac.es\/buchtal\/wp-content\/uploads\/sites\/2\/elementor\/thumbs\/CERAMICA-TECNICA-MERCADOS-Y-SUPERMERCADOS-Backfactory_Schmiedestrasse_Hannover_2-p7qsripk3k9s6y9r16oabv8u8c3ub3fq7wpl80ap74.jpg"},{"@type":"BreadcrumbList","@id":"https:\/\/gimac.es\/buchtal\/ceramica-tecnica\/mercados-supermercados\/#breadcrumb","itemListElement":[{"@type":"ListItem","position":1,"name":"Portada","item":"https:\/\/gimac.es\/buchtal\/"},{"@type":"ListItem","position":2,"name":"CER\u00c1MICA T\u00c9CNICA","item":"https:\/\/gimac.es\/buchtal\/ceramica-tecnica\/"},{"@type":"ListItem","position":3,"name":"MERCADOS Y SUPERMERCADOS"}]},{"@type":"WebSite","@id":"https:\/\/gimac.es\/buchtal\/#website","url":"https:\/\/gimac.es\/buchtal\/","name":"BUCHTAL","description":"Especialistas en cer\u00e1mica arquitect\u00f3nica","publisher":{"@id":"https:\/\/gimac.es\/buchtal\/#organization"},"potentialAction":[{"@type":"SearchAction","target":{"@type":"EntryPoint","urlTemplate":"https:\/\/gimac.es\/buchtal\/?s={search_term_string}"},"query-input":{"@type":"PropertyValueSpecification","valueRequired":true,"valueName":"search_term_string"}}],"inLanguage":"es"},{"@type":"Organization","@id":"https:\/\/gimac.es\/buchtal\/#organization","name":"BUCHTAL","url":"https:\/\/gimac.es\/buchtal\/","logo":{"@type":"ImageObject","inLanguage":"es","@id":"https:\/\/gimac.es\/buchtal\/#\/schema\/logo\/image\/","url":"https:\/\/gimac.es\/buchtal\/wp-content\/uploads\/sites\/2\/2021\/01\/agrob-buchtal-logo-vector_BL@2x.png","contentUrl":"https:\/\/gimac.es\/buchtal\/wp-content\/uploads\/sites\/2\/2021\/01\/agrob-buchtal-logo-vector_BL@2x.png","width":1116,"height":134,"caption":"BUCHTAL"},"image":{"@id":"https:\/\/gimac.es\/buchtal\/#\/schema\/logo\/image\/"}}]}},"_links":{"self":[{"href":"https:\/\/gimac.es\/buchtal\/wp-json\/wp\/v2\/pages\/362","targetHints":{"allow":["GET"]}}],"collection":[{"href":"https:\/\/gimac.es\/buchtal\/wp-json\/wp\/v2\/pages"}],"about":[{"href":"https:\/\/gimac.es\/buchtal\/wp-json\/wp\/v2\/types\/page"}],"author":[{"embeddable":true,"href":"https:\/\/gimac.es\/buchtal\/wp-json\/wp\/v2\/users\/1"}],"replies":[{"embeddable":true,"href":"https:\/\/gimac.es\/buchtal\/wp-json\/wp\/v2\/comments?post=362"}],"version-history":[{"count":41,"href":"https:\/\/gimac.es\/buchtal\/wp-json\/wp\/v2\/pages\/362\/revisions"}],"predecessor-version":[{"id":4324,"href":"https:\/\/gimac.es\/buchtal\/wp-json\/wp\/v2\/pages\/362\/revisions\/4324"}],"up":[{"embeddable":true,"href":"https:\/\/gimac.es\/buchtal\/wp-json\/wp\/v2\/pages\/282"}],"wp:attachment":[{"href":"https:\/\/gimac.es\/buchtal\/wp-json\/wp\/v2\/media?parent=362"}],"curies":[{"name":"wp","href":"https:\/\/api.w.org\/{rel}","templated":true}]}}